{"id":495,"date":"2019-06-26T09:33:43","date_gmt":"2019-06-26T09:33:43","guid":{"rendered":"http:\/\/bourbach-le-bas.activemedia.fr\/?page_id=495"},"modified":"2026-01-22T07:54:48","modified_gmt":"2026-01-22T07:54:48","slug":"accueil","status":"publish","type":"page","link":"https:\/\/bourbach-le-bas.fr\/","title":{"rendered":"Accueil"},"content":{"rendered":"<div id='full_slider_1'  class='avia-fullwidth-slider main_color avia-shadow   avia-builder-el-0  el_before_av_section  avia-builder-el-first   container_wrap fullsize' style=' '  ><div   data-size='featured'  data-lightbox_size='large'  data-animation='slide'  data-conditional_play=''  data-ids='496,497,498,738,767,762,499,2718'  data-video_counter='0'  data-autoplay='true'  data-bg_slider='false'  data-slide_height=''  data-handle='av_slideshow_full'  data-interval='5'  data-class=' '  data-el_id=''  data-css_id=''  data-scroll_down=''  data-control_layout='av-control-default'  data-custom_markup=''  data-perma_caption=''  data-autoplay_stopper=''  data-image_attachment=''  data-min_height='0px'  data-src=''  data-position='top left'  data-repeat='no-repeat'  data-attach='scroll'  data-stretch=''  data-default-height='28.666666666667'  class='avia-slideshow avia-slideshow-1  av-control-default av-default-height-applied avia-slideshow-featured av_slideshow_full   avia-slide-slider '  itemprop=\"image\" itemscope=\"itemscope\" itemtype=\"https:\/\/schema.org\/ImageObject\" ><ul class='avia-slideshow-inner ' style='padding-bottom: 28.666666666667%;' ><li  class=' slide-1 ' ><div data-rel='slideshow-1' class='avia-slide-wrap '   ><div class = \"caption_fullwidth av-slideshow-caption caption_center\"><div class = \"container caption_container\"><div class = \"slideshow_caption\"><div class = \"slideshow_inner_caption\"><div class = \"slideshow_align_caption\"><h2  style='font-size:45px; ' class='avia-caption-title  '  itemprop=\"name\" >Bienvenue \u00e0 Bourbach-le-Bas<\/h2><div class='avia-caption-content  av_inherit_color'  itemprop=\"description\"   style='font-size:45px; '><p>Hautes-Vosges d&rsquo;Alsace<\/p>\n<\/div><\/div><\/div><\/div><\/div><\/div><img src='https:\/\/bourbach-le-bas.fr\/wp-content\/uploads\/2019\/06\/slide.png' width='1500' height='430' title='' alt=''  itemprop=\"thumbnailUrl\"   \/><\/div><\/li><li  class=' slide-2 ' ><div data-rel='slideshow-1' class='avia-slide-wrap '   ><div class = \"caption_fullwidth av-slideshow-caption caption_center\"><div class = \"container caption_container\"><div class = \"slideshow_caption\"><div class = \"slideshow_inner_caption\"><div class = \"slideshow_align_caption\"><h2  style='font-size:45px; ' class='avia-caption-title  '  itemprop=\"name\" >Bourbach-le-Bas<\/h2><div class='avia-caption-content  av_inherit_color'  itemprop=\"description\"   style='font-size:45px; '><p>Entre plaine et montagne<\/p>\n<\/div><\/div><\/div><\/div><\/div><\/div><img src='https:\/\/bourbach-le-bas.fr\/wp-content\/uploads\/2019\/06\/slide1.png' width='1500' height='430' title='' alt=''  itemprop=\"thumbnailUrl\"   \/><\/div><\/li><li  class=' slide-3 ' ><div data-rel='slideshow-1' class='avia-slide-wrap '   ><div class = \"caption_fullwidth av-slideshow-caption caption_left\"><div class = \"container caption_container\"><div class = \"slideshow_caption\"><div class = \"slideshow_inner_caption\"><div class = \"slideshow_align_caption\"><h2  style='font-size:45px; ' class='avia-caption-title  '  itemprop=\"name\" >Bourbach-le-Bas<\/h2><div class='avia-caption-content  av_inherit_color'  itemprop=\"description\"   style='font-size:45px; '><p>Commune du pi\u00e9mont vosgien<\/p>\n<\/div><\/div><\/div><\/div><\/div><\/div><img src='https:\/\/bourbach-le-bas.fr\/wp-content\/uploads\/2019\/06\/slide2.png' width='1500' height='430' title='' alt=''  itemprop=\"thumbnailUrl\"   \/><\/div><\/li><li  class=' slide-4 ' ><div data-rel='slideshow-1' class='avia-slide-wrap '   ><div class = \"caption_fullwidth av-slideshow-caption caption_left\"><div class = \"container caption_container\"><div class = \"slideshow_caption\"><div class = \"slideshow_inner_caption\"><div class = \"slideshow_align_caption\"><h2  style='font-size:45px; ' class='avia-caption-title  '  itemprop=\"name\" >Bourbach-le-Bas<\/h2><div class='avia-caption-content  av_inherit_color'  itemprop=\"description\"   style='font-size:45px; '><p>Mairie et services pratiques<\/p>\n<\/div><\/div><\/div><\/div><\/div><\/div><img src='https:\/\/bourbach-le-bas.fr\/wp-content\/uploads\/2019\/09\/slide.jpg' width='1500' height='430' title='slide' alt=''  itemprop=\"thumbnailUrl\"   \/><\/div><\/li><li  class=' slide-5 ' ><div data-rel='slideshow-1' class='avia-slide-wrap '   ><div class = \"caption_fullwidth av-slideshow-caption caption_bottom\"><div class = \"container caption_container\"><div class = \"slideshow_caption\"><div class = \"slideshow_inner_caption\"><div class = \"slideshow_align_caption\"><h2  style='font-size:45px; ' class='avia-caption-title  '  itemprop=\"name\" >Bourbach-le-Bas<\/h2><div class='avia-caption-content  av_inherit_color'  itemprop=\"description\"   style='font-size:45px; '><p>Au c\u0153ur de la nature<\/p>\n<\/div><\/div><\/div><\/div><\/div><\/div><img src='https:\/\/bourbach-le-bas.fr\/wp-content\/uploads\/2019\/09\/slide4.jpg' width='1500' height='430' title='slide4' alt=''  itemprop=\"thumbnailUrl\"   \/><\/div><\/li><li  class=' slide-6 ' ><div data-rel='slideshow-1' class='avia-slide-wrap '   ><div class = \"caption_fullwidth av-slideshow-caption caption_center\"><div class = \"container caption_container\"><div class = \"slideshow_caption\"><div class = \"slideshow_inner_caption\"><div class = \"slideshow_align_caption\"><h2  style='font-size:45px; ' class='avia-caption-title  '  itemprop=\"name\" >Silbachwaeldle<\/h2><div class='avia-caption-content  av_inherit_color'  itemprop=\"description\"   style='font-size:45px; '><p>Espace naturel de loisirs et parcours de sant\u00e9<\/p>\n<\/div><\/div><\/div><\/div><\/div><\/div><img src='https:\/\/bourbach-le-bas.fr\/wp-content\/uploads\/2019\/09\/slide3.jpg' width='1500' height='430' title='slide3' alt=''  itemprop=\"thumbnailUrl\"   \/><\/div><\/li><li  class=' slide-7 ' ><div data-rel='slideshow-1' class='avia-slide-wrap '   ><div class = \"caption_fullwidth av-slideshow-caption caption_bottom\"><div class = \"container caption_container\"><div class = \"slideshow_caption\"><div class = \"slideshow_inner_caption\"><div class = \"slideshow_align_caption\"><h2  style='font-size:45px; ' class='avia-caption-title  '  itemprop=\"name\" >Bourbach-le-Bas<\/h2><div class='avia-caption-content  av_inherit_color'  itemprop=\"description\"   style='font-size:45px; '><p>Village nature<\/p>\n<\/div><\/div><\/div><\/div><\/div><\/div><img src='https:\/\/bourbach-le-bas.fr\/wp-content\/uploads\/2019\/06\/slide3.png' width='1500' height='430' title='' alt=''  itemprop=\"thumbnailUrl\"   \/><\/div><\/li><li  class=' slide-8 ' ><div data-rel='slideshow-1' class='avia-slide-wrap '   ><div class = \"caption_fullwidth av-slideshow-caption caption_bottom\"><div class = \"container caption_container\"><div class = \"slideshow_caption\"><div class = \"slideshow_inner_caption\"><div class = \"slideshow_align_caption\"><h2  class='avia-caption-title  '  itemprop=\"name\" >Salle du Lierenbuckel<\/h2><div class='avia-caption-content  '  itemprop=\"description\"  ><p>Bourbach-le-Bas<\/p>\n<\/div><\/div><\/div><\/div><\/div><\/div><img src='https:\/\/bourbach-le-bas.fr\/wp-content\/uploads\/2022\/06\/blb1-6.jpg' width='1500' height='430' title='blb1 (6)' alt=''  itemprop=\"thumbnailUrl\"   \/><\/div><\/li><\/ul><div class='avia-slideshow-arrows avia-slideshow-controls'><a href='#prev' class='prev-slide' aria-hidden='true' data-av_icon='\ue87c' data-av_iconfont='entypo-fontello'>Pr\u00e9c\u00e9dent<\/a><a href='#next' class='next-slide' aria-hidden='true' data-av_icon='\ue87d' data-av_iconfont='entypo-fontello'>Suivant<\/a><\/div><div class='avia-slideshow-dots avia-slideshow-controls'><a href='#1' class='goto-slide active' >1<\/a><a href='#2' class='goto-slide ' >2<\/a><a href='#3' class='goto-slide ' >3<\/a><a href='#4' class='goto-slide ' >4<\/a><a href='#5' class='goto-slide ' >5<\/a><a href='#6' class='goto-slide ' >6<\/a><a href='#7' class='goto-slide ' >7<\/a><a href='#8' class='goto-slide ' >8<\/a><\/div><\/div><\/div>\n<div id='av_section_1'  class='avia-section main_color avia-section-default avia-no-shadow  avia-bg-style-scroll  avia-builder-el-1  el_after_av_slideshow_full  el_before_av_section   container_wrap fullsize' style='background-color: #eaeaea;  '  ><div class='container' ><div class='template-page content  av-content-full alpha units'><div class='post-entry post-entry-type-page post-entry-495'><div class='entry-content-wrapper clearfix'>\n<section class=\"av_textblock_section \"  itemscope=\"itemscope\" itemtype=\"https:\/\/schema.org\/CreativeWork\" ><div class='avia_textblock  '  style='font-size:22px; '  itemprop=\"text\" ><p style=\"text-align: center;\">Mairie, 12 Rue de l&rsquo;\u00c9glise 68290 Bourbach-le-Bas | 03 89 82 50 45\u00a0 | <a href=\"mailto:mairie.bourbachlebas@numericable.fr\">mairie.bourbachlebas@numericable.fr<\/a><\/p>\n<p style=\"font-size: 14px; text-align: center;\">Ouverture de l&rsquo;agence postale et du secr\u00e9tariat de la Mairie : Lundi, mardi et jeudi de 7h45 \u00e0 11h30, mercredi de 9h30 \u00e0 12h30 et vendredi de 9h30 \u00e0 12h45<\/p>\n<h4 style=\"text-align: center;\"><\/h4>\n<h4><\/h4>\n<h4 style=\"text-align: center; color: #b02b2b; text-decoration: underline;\"><\/h4>\n<\/div><\/section>\n<\/div><\/div><\/div><!-- close content main div --><\/div><\/div><div id='av_section_2'  class='avia-section main_color avia-section-default avia-no-border-styling  avia-bg-style-scroll  avia-builder-el-3  el_after_av_section  el_before_av_section   container_wrap fullsize' style='background-color: #90b8df;  '  ><div class='container' ><div class='template-page content  av-content-full alpha units'><div class='post-entry post-entry-type-page post-entry-495'><div class='entry-content-wrapper clearfix'>\n<section class=\"av_textblock_section \"  itemscope=\"itemscope\" itemtype=\"https:\/\/schema.org\/CreativeWork\" ><div class='avia_textblock  '   itemprop=\"text\" ><p style=\"text-align: left;\"><strong>D\u00e9ploiement de la nouvelle fibre optique &#8211; FttH en cours.<\/strong><br \/>\nPour savoir si votre logement est \u00e9ligible, RV sur le site : <a href=\"https:\/\/reseaux.orange.fr\/les-cartes-de-couverture\/carte-de-couverture-fibre\" target=\"_blank\" rel=\"noopener\">https:\/\/reseaux.orange.fr\/les-cartes-de-couverture\/carte-de-couverture-fibre<\/a><\/p>\n<\/div><\/section>\n<\/p>\n<\/div><\/div><\/div><!-- close content main div --><\/div><\/div><div id='av_section_3'  class='avia-section main_color avia-section-default avia-no-shadow  avia-bg-style-scroll  avia-builder-el-5  el_after_av_section  el_before_av_section   container_wrap fullsize' style=' '  ><div class='container' ><div class='template-page content  av-content-full alpha units'><div class='post-entry post-entry-type-page post-entry-495'><div class='entry-content-wrapper clearfix'>\n<div class=\"flex_column av_three_fourth  flex_column_div av-zero-column-padding first  avia-builder-el-6  el_before_av_one_fourth  avia-builder-el-first  \" style='border-radius:0px; '><div   data-autoplay=''  data-interval='5'  data-animation='fade'  data-show_slide_delay='90'  class='avia-content-slider avia-content-slider-active avia-content-slider1 avia-content-slider-even  avia-builder-el-7  avia-builder-el-no-sibling  '  itemscope=\"itemscope\" itemtype=\"https:\/\/schema.org\/Blog\" ><div class='avia-content-slider-inner'><div class='slide-entry-wrap'><article class='slide-entry flex_column  post-entry post-entry-5845 slide-entry-overview slide-loop-1 slide-parity-odd  av_one_fourth first real-thumbnail'  itemscope=\"itemscope\" itemtype=\"https:\/\/schema.org\/CreativeWork\" ><a href='https:\/\/bourbach-le-bas.fr\/index.php\/2026\/09\/01\/programme-maison-de-la-terre-septembre\/' data-rel='slide-1' class='slide-image' title=''><img loading=\"lazy\" decoding=\"async\" width=\"250\" height=\"167\" src=\"https:\/\/bourbach-le-bas.fr\/wp-content\/uploads\/2026\/08\/maison-de-la-terre-2.png\" class=\"attachment-portfolio_small size-portfolio_small wp-post-image\" alt=\"\" \/><\/a><div class='slide-content'><header class=\"entry-content-header\"><span class=\"blog-categories minor-meta\"><a href=\"https:\/\/bourbach-le-bas.fr\/index.php\/category\/fil-dinfos\/\" rel=\"tag\">Fil d'infos<\/a> <\/span><h3 class='slide-entry-title entry-title '  itemprop=\"headline\" ><a href='https:\/\/bourbach-le-bas.fr\/index.php\/2026\/09\/01\/programme-maison-de-la-terre-septembre\/' title='Programme Maison de la Terre septembre'>Programme Maison de la Terre septembre<\/a><\/h3><span class=\"av-vertical-delimiter\"><\/span><\/header><div class='slide-entry-excerpt entry-content'  itemprop=\"text\" >Bonjour \u00e0 toutes et tous !\r\n\r\nL'\u00e9t\u00e9 se termine mais nos activit\u00e9s de d\u00e9couverte se poursuivent en ce mois de septembre.\r\n\r\nCi-dessous le programme complet !\r\n\r\nToujours sur r\u00e9servation au 06 47 29 16 20 (sauf contre-indiqu\u00e9)\r\n\r\n&nbsp;\r\n\r\nDimanche\u2026<\/div><\/div><footer class=\"entry-footer\"><div class='slide-meta'><time class='slide-meta-time updated'  itemprop=\"datePublished\" datetime=\"2026-09-01T14:17:50+00:00\" >1 septembre 2026<\/time><\/div><\/footer><span class='hidden'>\n\t\t\t\t<span class='av-structured-data'  itemprop=\"image\" itemscope=\"itemscope\" itemtype=\"https:\/\/schema.org\/ImageObject\"  itemprop='image'>\n\t\t\t\t\t\t<span itemprop='url'>https:\/\/bourbach-le-bas.fr\/wp-content\/uploads\/2026\/08\/maison-de-la-terre-2.png<\/span>\n\t\t\t\t\t\t<span itemprop='height'>167<\/span>\n\t\t\t\t\t\t<span itemprop='width'>250<\/span>\n\t\t\t\t<\/span>\n\t\t\t\t<span class='av-structured-data'  itemprop=\"publisher\" itemtype=\"https:\/\/schema.org\/Organization\" itemscope=\"itemscope\" >\n\t\t\t\t\t\t<span itemprop='name'>mairie<\/span>\n\t\t\t\t\t\t<span itemprop='logo' itemscope itemtype='https:\/\/schema.org\/ImageObject'>\n\t\t\t\t\t\t\t<span itemprop='url'>https:\/\/bourbach-le-bas.fr\/wp-content\/uploads\/2019\/07\/logo.png<\/span>\n\t\t\t\t\t\t <\/span>\n\t\t\t\t<\/span><span class='av-structured-data'  itemprop=\"author\" itemscope=\"itemscope\" itemtype=\"https:\/\/schema.org\/Person\" ><span itemprop='name'>mairie<\/span><\/span><span class='av-structured-data'  itemprop=\"datePublished\" datetime=\"2019-06-26T09:33:43+00:00\" >2026-09-01 14:17:50<\/span><span class='av-structured-data'  itemprop=\"dateModified\" itemtype=\"https:\/\/schema.org\/dateModified\" >2026-09-01 14:18:01<\/span><span class='av-structured-data'  itemprop=\"mainEntityOfPage\" itemtype=\"https:\/\/schema.org\/mainEntityOfPage\" ><span itemprop='name'>Programme Maison de la Terre septembre<\/span><\/span><\/span><\/article><article class='slide-entry flex_column  post-entry post-entry-5841 slide-entry-overview slide-loop-2 slide-parity-even  av_one_fourth  real-thumbnail'  itemscope=\"itemscope\" itemtype=\"https:\/\/schema.org\/CreativeWork\" ><a href='https:\/\/bourbach-le-bas.fr\/index.php\/2026\/09\/01\/fete-du-lavoir-26-27-septembre-2026\/' data-rel='slide-1' class='slide-image' title=''><img loading=\"lazy\" decoding=\"async\" width=\"260\" height=\"185\" src=\"https:\/\/bourbach-le-bas.fr\/wp-content\/uploads\/2026\/09\/Fete-du-lavoir-260x185.png\" class=\"attachment-portfolio_small size-portfolio_small wp-post-image\" alt=\"\" \/><\/a><div class='slide-content'><header class=\"entry-content-header\"><span class=\"blog-categories minor-meta\"><a href=\"https:\/\/bourbach-le-bas.fr\/index.php\/category\/fil-dinfos\/\" rel=\"tag\">Fil d'infos<\/a> <\/span><h3 class='slide-entry-title entry-title '  itemprop=\"headline\" ><a href='https:\/\/bourbach-le-bas.fr\/index.php\/2026\/09\/01\/fete-du-lavoir-26-27-septembre-2026\/' title='FETE DU LAVOIR 26 &amp; 27 septembre 2026'>FETE DU LAVOIR 26 & 27 septembre 2026<\/a><\/h3><span class=\"av-vertical-delimiter\"><\/span><\/header><\/div><footer class=\"entry-footer\"><div class='slide-meta'><time class='slide-meta-time updated'  itemprop=\"datePublished\" datetime=\"2026-09-01T14:17:50+00:00\" >1 septembre 2026<\/time><\/div><\/footer><span class='hidden'>\n\t\t\t\t<span class='av-structured-data'  itemprop=\"image\" itemscope=\"itemscope\" itemtype=\"https:\/\/schema.org\/ImageObject\"  itemprop='image'>\n\t\t\t\t\t\t<span itemprop='url'>https:\/\/bourbach-le-bas.fr\/wp-content\/uploads\/2026\/09\/Fete-du-lavoir.png<\/span>\n\t\t\t\t\t\t<span itemprop='height'>791<\/span>\n\t\t\t\t\t\t<span itemprop='width'>550<\/span>\n\t\t\t\t<\/span>\n\t\t\t\t<span class='av-structured-data'  itemprop=\"publisher\" itemtype=\"https:\/\/schema.org\/Organization\" itemscope=\"itemscope\" >\n\t\t\t\t\t\t<span itemprop='name'>mairie<\/span>\n\t\t\t\t\t\t<span itemprop='logo' itemscope itemtype='https:\/\/schema.org\/ImageObject'>\n\t\t\t\t\t\t\t<span itemprop='url'>https:\/\/bourbach-le-bas.fr\/wp-content\/uploads\/2019\/07\/logo.png<\/span>\n\t\t\t\t\t\t <\/span>\n\t\t\t\t<\/span><span class='av-structured-data'  itemprop=\"author\" itemscope=\"itemscope\" itemtype=\"https:\/\/schema.org\/Person\" ><span itemprop='name'>mairie<\/span><\/span><span class='av-structured-data'  itemprop=\"datePublished\" datetime=\"2019-06-26T09:33:43+00:00\" >2026-09-01 14:15:25<\/span><span class='av-structured-data'  itemprop=\"dateModified\" itemtype=\"https:\/\/schema.org\/dateModified\" >2026-09-01 14:15:25<\/span><span class='av-structured-data'  itemprop=\"mainEntityOfPage\" itemtype=\"https:\/\/schema.org\/mainEntityOfPage\" ><span itemprop='name'>FETE DU LAVOIR 26 & 27 septembre 2026<\/span><\/span><\/span><\/article><article class='slide-entry flex_column  post-entry post-entry-5804 slide-entry-overview slide-loop-3 slide-parity-odd  av_one_fourth  real-thumbnail'  itemscope=\"itemscope\" itemtype=\"https:\/\/schema.org\/CreativeWork\" ><a href='https:\/\/bourbach-le-bas.fr\/index.php\/2026\/07\/30\/arrete-n-21-2024-bruits-de-voisinage\/' data-rel='slide-1' class='slide-image' title=''><img loading=\"lazy\" decoding=\"async\" width=\"260\" height=\"185\" src=\"https:\/\/bourbach-le-bas.fr\/wp-content\/uploads\/2026\/07\/stop-au-bruit-260x185.webp\" class=\"attachment-portfolio_small size-portfolio_small wp-post-image\" alt=\"\" srcset=\"https:\/\/bourbach-le-bas.fr\/wp-content\/uploads\/2026\/07\/stop-au-bruit-260x185.webp 260w, https:\/\/bourbach-le-bas.fr\/wp-content\/uploads\/2026\/07\/stop-au-bruit-600x430.webp 600w\" sizes=\"auto, (max-width: 260px) 100vw, 260px\" \/><\/a><div class='slide-content'><header class=\"entry-content-header\"><span class=\"blog-categories minor-meta\"><a href=\"https:\/\/bourbach-le-bas.fr\/index.php\/category\/fil-dinfos\/\" rel=\"tag\">Fil d'infos<\/a> <\/span><h3 class='slide-entry-title entry-title '  itemprop=\"headline\" ><a href='https:\/\/bourbach-le-bas.fr\/index.php\/2026\/07\/30\/arrete-n-21-2024-bruits-de-voisinage\/' title='Arr\u00eat\u00e9 N\u00b0 21\/2024 Bruits de voisinage'>Arr\u00eat\u00e9 N\u00b0 21\/2024 Bruits de voisinage<\/a><\/h3><span class=\"av-vertical-delimiter\"><\/span><\/header><div class='slide-entry-excerpt entry-content'  itemprop=\"text\" >Arr\u00eat\u00e9 N\u00b0 21\/2024\u00a0 ARTICLE 2 :\r\n\r\nL\u2019utilisation des tron\u00e7onneuses, des tondeuses \u00e0 gazon ou autres engins motoris\u00e9s de jardinage et d\u2019entretien des espaces verts ou naturels, ainsi que les engins d\u2019exploitation foresti\u00e8re, dans\u2026<\/div><\/div><footer class=\"entry-footer\"><div class='slide-meta'><time class='slide-meta-time updated'  itemprop=\"datePublished\" datetime=\"2026-07-30T08:23:09+00:00\" >30 juillet 2026<\/time><\/div><\/footer><span class='hidden'>\n\t\t\t\t<span class='av-structured-data'  itemprop=\"image\" itemscope=\"itemscope\" itemtype=\"https:\/\/schema.org\/ImageObject\"  itemprop='image'>\n\t\t\t\t\t\t<span itemprop='url'>https:\/\/bourbach-le-bas.fr\/wp-content\/uploads\/2026\/07\/stop-au-bruit.webp<\/span>\n\t\t\t\t\t\t<span itemprop='height'>600<\/span>\n\t\t\t\t\t\t<span itemprop='width'>600<\/span>\n\t\t\t\t<\/span>\n\t\t\t\t<span class='av-structured-data'  itemprop=\"publisher\" itemtype=\"https:\/\/schema.org\/Organization\" itemscope=\"itemscope\" >\n\t\t\t\t\t\t<span itemprop='name'>mairie<\/span>\n\t\t\t\t\t\t<span itemprop='logo' itemscope itemtype='https:\/\/schema.org\/ImageObject'>\n\t\t\t\t\t\t\t<span itemprop='url'>https:\/\/bourbach-le-bas.fr\/wp-content\/uploads\/2019\/07\/logo.png<\/span>\n\t\t\t\t\t\t <\/span>\n\t\t\t\t<\/span><span class='av-structured-data'  itemprop=\"author\" itemscope=\"itemscope\" itemtype=\"https:\/\/schema.org\/Person\" ><span itemprop='name'>mairie<\/span><\/span><span class='av-structured-data'  itemprop=\"datePublished\" datetime=\"2019-06-26T09:33:43+00:00\" >2026-07-30 08:23:09<\/span><span class='av-structured-data'  itemprop=\"dateModified\" itemtype=\"https:\/\/schema.org\/dateModified\" >2026-07-30 08:23:28<\/span><span class='av-structured-data'  itemprop=\"mainEntityOfPage\" itemtype=\"https:\/\/schema.org\/mainEntityOfPage\" ><span itemprop='name'>Arr\u00eat\u00e9 N\u00b0 21\/2024 Bruits de voisinage<\/span><\/span><\/span><\/article><article class='slide-entry flex_column  post-entry post-entry-5793 slide-entry-overview slide-loop-4 slide-parity-even  av_one_fourth  real-thumbnail'  itemscope=\"itemscope\" itemtype=\"https:\/\/schema.org\/CreativeWork\" ><a href='https:\/\/bourbach-le-bas.fr\/index.php\/2026\/07\/23\/arrete-secheresse-juillet-2026\/' data-rel='slide-1' class='slide-image' title=''><img loading=\"lazy\" decoding=\"async\" width=\"260\" height=\"185\" src=\"https:\/\/bourbach-le-bas.fr\/wp-content\/uploads\/2026\/05\/leau-et-le-jardin-image-260x185.png\" class=\"attachment-portfolio_small size-portfolio_small wp-post-image\" alt=\"\" \/><\/a><div class='slide-content'><header class=\"entry-content-header\"><span class=\"blog-categories minor-meta\"><a href=\"https:\/\/bourbach-le-bas.fr\/index.php\/category\/fil-dinfos\/\" rel=\"tag\">Fil d'infos<\/a>, <a href=\"https:\/\/bourbach-le-bas.fr\/index.php\/category\/uncategorized\/\" rel=\"tag\">Uncategorized<\/a> <\/span><h3 class='slide-entry-title entry-title '  itemprop=\"headline\" ><a href='https:\/\/bourbach-le-bas.fr\/index.php\/2026\/07\/23\/arrete-secheresse-juillet-2026\/' title='Arr\u00eat\u00e9 s\u00e9cheresse Juillet 2026'>Arr\u00eat\u00e9 s\u00e9cheresse Juillet 2026<\/a><\/h3><span class=\"av-vertical-delimiter\"><\/span><\/header><div class='slide-entry-excerpt entry-content'  itemprop=\"text\" >Veuillez trouver ci-joint l'arr\u00eat\u00e9 du 23 juillet 2026 pla\u00e7ant le secteur \"Doller amont, Fecht, Weiss, Lauch\" en situation de crise s\u00e9cheresse\r\n\r\nARRETE SECHERESSE JUILLET 2026<\/div><\/div><footer class=\"entry-footer\"><div class='slide-meta'><time class='slide-meta-time updated'  itemprop=\"datePublished\" datetime=\"2026-07-23T09:47:09+00:00\" >23 juillet 2026<\/time><\/div><\/footer><span class='hidden'>\n\t\t\t\t<span class='av-structured-data'  itemprop=\"image\" itemscope=\"itemscope\" itemtype=\"https:\/\/schema.org\/ImageObject\"  itemprop='image'>\n\t\t\t\t\t\t<span itemprop='url'>https:\/\/bourbach-le-bas.fr\/wp-content\/uploads\/2026\/05\/leau-et-le-jardin-image.png<\/span>\n\t\t\t\t\t\t<span itemprop='height'>356<\/span>\n\t\t\t\t\t\t<span itemprop='width'>515<\/span>\n\t\t\t\t<\/span>\n\t\t\t\t<span class='av-structured-data'  itemprop=\"publisher\" itemtype=\"https:\/\/schema.org\/Organization\" itemscope=\"itemscope\" >\n\t\t\t\t\t\t<span itemprop='name'>mairie<\/span>\n\t\t\t\t\t\t<span itemprop='logo' itemscope itemtype='https:\/\/schema.org\/ImageObject'>\n\t\t\t\t\t\t\t<span itemprop='url'>https:\/\/bourbach-le-bas.fr\/wp-content\/uploads\/2019\/07\/logo.png<\/span>\n\t\t\t\t\t\t <\/span>\n\t\t\t\t<\/span><span class='av-structured-data'  itemprop=\"author\" itemscope=\"itemscope\" itemtype=\"https:\/\/schema.org\/Person\" ><span itemprop='name'>mairie<\/span><\/span><span class='av-structured-data'  itemprop=\"datePublished\" datetime=\"2019-06-26T09:33:43+00:00\" >2026-07-23 09:47:09<\/span><span class='av-structured-data'  itemprop=\"dateModified\" itemtype=\"https:\/\/schema.org\/dateModified\" >2026-07-23 09:51:14<\/span><span class='av-structured-data'  itemprop=\"mainEntityOfPage\" itemtype=\"https:\/\/schema.org\/mainEntityOfPage\" ><span itemprop='name'>Arr\u00eat\u00e9 s\u00e9cheresse Juillet 2026<\/span><\/span><\/span><\/article><\/div><div class='slide-entry-wrap'><article class='slide-entry flex_column  post-entry post-entry-5788 slide-entry-overview slide-loop-5 slide-parity-odd  av_one_fourth first real-thumbnail'  itemscope=\"itemscope\" itemtype=\"https:\/\/schema.org\/CreativeWork\" ><a href='https:\/\/bourbach-le-bas.fr\/index.php\/2026\/07\/21\/lete-qui-sauve-croix-rouge-francaise\/' data-rel='slide-1' class='slide-image' title=''><img loading=\"lazy\" decoding=\"async\" width=\"260\" height=\"185\" src=\"https:\/\/bourbach-le-bas.fr\/wp-content\/uploads\/2026\/07\/Flyer-Ete-qui-sauve-9-aout-002-260x185.jpg\" class=\"attachment-portfolio_small size-portfolio_small wp-post-image\" alt=\"\" \/><\/a><div class='slide-content'><header class=\"entry-content-header\"><span class=\"blog-categories minor-meta\"><a href=\"https:\/\/bourbach-le-bas.fr\/index.php\/category\/fil-dinfos\/\" rel=\"tag\">Fil d'infos<\/a> <\/span><h3 class='slide-entry-title entry-title '  itemprop=\"headline\" ><a href='https:\/\/bourbach-le-bas.fr\/index.php\/2026\/07\/21\/lete-qui-sauve-croix-rouge-francaise\/' title='L&#039;ETE QUI SAUVE  - CROIX ROUGE FRANCAISE'>L'ETE QUI SAUVE  - CROIX ROUGE FRANCAISE<\/a><\/h3><span class=\"av-vertical-delimiter\"><\/span><\/header><div class='slide-entry-excerpt entry-content'  itemprop=\"text\" >La Croix-Rouge fran\u00e7aise \u2013 Unit\u00e9 locale de Thann - organise, le\u00a0dimanche 9 ao\u00fbt 2026, une journ\u00e9e de sensibilisation intitul\u00e9e\u00a0\u00ab L'\u00e9t\u00e9 qui sauve \u00bb, \u00e0 la Maison d'accueil du lac de Kruth-Wildenstein.\r\n\u00c0 cette occasion, le grand\u2026<\/div><\/div><footer class=\"entry-footer\"><div class='slide-meta'><time class='slide-meta-time updated'  itemprop=\"datePublished\" datetime=\"2026-07-21T09:20:04+00:00\" >21 juillet 2026<\/time><\/div><\/footer><span class='hidden'>\n\t\t\t\t<span class='av-structured-data'  itemprop=\"image\" itemscope=\"itemscope\" itemtype=\"https:\/\/schema.org\/ImageObject\"  itemprop='image'>\n\t\t\t\t\t\t<span itemprop='url'>https:\/\/bourbach-le-bas.fr\/wp-content\/uploads\/2026\/07\/Flyer-Ete-qui-sauve-9-aout-002.jpg<\/span>\n\t\t\t\t\t\t<span itemprop='height'>1654<\/span>\n\t\t\t\t\t\t<span itemprop='width'>1166<\/span>\n\t\t\t\t<\/span>\n\t\t\t\t<span class='av-structured-data'  itemprop=\"publisher\" itemtype=\"https:\/\/schema.org\/Organization\" itemscope=\"itemscope\" >\n\t\t\t\t\t\t<span itemprop='name'>mairie<\/span>\n\t\t\t\t\t\t<span itemprop='logo' itemscope itemtype='https:\/\/schema.org\/ImageObject'>\n\t\t\t\t\t\t\t<span itemprop='url'>https:\/\/bourbach-le-bas.fr\/wp-content\/uploads\/2019\/07\/logo.png<\/span>\n\t\t\t\t\t\t <\/span>\n\t\t\t\t<\/span><span class='av-structured-data'  itemprop=\"author\" itemscope=\"itemscope\" itemtype=\"https:\/\/schema.org\/Person\" ><span itemprop='name'>mairie<\/span><\/span><span class='av-structured-data'  itemprop=\"datePublished\" datetime=\"2019-06-26T09:33:43+00:00\" >2026-07-21 09:20:04<\/span><span class='av-structured-data'  itemprop=\"dateModified\" itemtype=\"https:\/\/schema.org\/dateModified\" >2026-07-21 09:20:04<\/span><span class='av-structured-data'  itemprop=\"mainEntityOfPage\" itemtype=\"https:\/\/schema.org\/mainEntityOfPage\" ><span itemprop='name'>L'ETE QUI SAUVE  - CROIX ROUGE FRANCAISE<\/span><\/span><\/span><\/article><article class='slide-entry flex_column  post-entry post-entry-5784 slide-entry-overview slide-loop-6 slide-parity-even  av_one_fourth  real-thumbnail'  itemscope=\"itemscope\" itemtype=\"https:\/\/schema.org\/CreativeWork\" ><a href='https:\/\/bourbach-le-bas.fr\/index.php\/2026\/07\/21\/%f0%9f%93%a2-action-contre-la-faim%f0%9f%93%a2\/' data-rel='slide-1' class='slide-image' title=''><img loading=\"lazy\" decoding=\"async\" width=\"260\" height=\"185\" src=\"https:\/\/bourbach-le-bas.fr\/wp-content\/uploads\/2026\/07\/action-contre-la-faim-260x185.png\" class=\"attachment-portfolio_small size-portfolio_small wp-post-image\" alt=\"\" \/><\/a><div class='slide-content'><header class=\"entry-content-header\"><span class=\"blog-categories minor-meta\"><a href=\"https:\/\/bourbach-le-bas.fr\/index.php\/category\/fil-dinfos\/\" rel=\"tag\">Fil d'infos<\/a> <\/span><h3 class='slide-entry-title entry-title '  itemprop=\"headline\" ><a href='https:\/\/bourbach-le-bas.fr\/index.php\/2026\/07\/21\/%f0%9f%93%a2-action-contre-la-faim%f0%9f%93%a2\/' title='\ud83d\udce2 ACTION CONTRE LA FAIM\ud83d\udce2'>\ud83d\udce2 ACTION CONTRE LA FAIM\ud83d\udce2<\/a><\/h3><span class=\"av-vertical-delimiter\"><\/span><\/header><div class='slide-entry-excerpt entry-content'  itemprop=\"text\" >\r\n\r\nAction Contre La Faim\u00a0est une ONG internationale humanitaire qui lutte depuis plus de 40 ans contre la faim dans le monde. En vertu de la loi du 7 ao\u00fbt 1991 (art 3 alin\u00e9a 1), telle que modifi\u00e9e par l'ordonnance n\u00b0 2015-904 du 23 juillet\u2026<\/div><\/div><footer class=\"entry-footer\"><div class='slide-meta'><time class='slide-meta-time updated'  itemprop=\"datePublished\" datetime=\"2026-07-21T06:19:17+00:00\" >21 juillet 2026<\/time><\/div><\/footer><span class='hidden'>\n\t\t\t\t<span class='av-structured-data'  itemprop=\"image\" itemscope=\"itemscope\" itemtype=\"https:\/\/schema.org\/ImageObject\"  itemprop='image'>\n\t\t\t\t\t\t<span itemprop='url'>https:\/\/bourbach-le-bas.fr\/wp-content\/uploads\/2026\/07\/action-contre-la-faim.png<\/span>\n\t\t\t\t\t\t<span itemprop='height'>234<\/span>\n\t\t\t\t\t\t<span itemprop='width'>624<\/span>\n\t\t\t\t<\/span>\n\t\t\t\t<span class='av-structured-data'  itemprop=\"publisher\" itemtype=\"https:\/\/schema.org\/Organization\" itemscope=\"itemscope\" >\n\t\t\t\t\t\t<span itemprop='name'>mairie<\/span>\n\t\t\t\t\t\t<span itemprop='logo' itemscope itemtype='https:\/\/schema.org\/ImageObject'>\n\t\t\t\t\t\t\t<span itemprop='url'>https:\/\/bourbach-le-bas.fr\/wp-content\/uploads\/2019\/07\/logo.png<\/span>\n\t\t\t\t\t\t <\/span>\n\t\t\t\t<\/span><span class='av-structured-data'  itemprop=\"author\" itemscope=\"itemscope\" itemtype=\"https:\/\/schema.org\/Person\" ><span itemprop='name'>mairie<\/span><\/span><span class='av-structured-data'  itemprop=\"datePublished\" datetime=\"2019-06-26T09:33:43+00:00\" >2026-07-21 06:19:17<\/span><span class='av-structured-data'  itemprop=\"dateModified\" itemtype=\"https:\/\/schema.org\/dateModified\" >2026-07-21 06:19:22<\/span><span class='av-structured-data'  itemprop=\"mainEntityOfPage\" itemtype=\"https:\/\/schema.org\/mainEntityOfPage\" ><span itemprop='name'>\ud83d\udce2 ACTION CONTRE LA FAIM\ud83d\udce2<\/span><\/span><\/span><\/article><article class='slide-entry flex_column  post-entry post-entry-5771 slide-entry-overview slide-loop-7 slide-parity-odd  av_one_fourth  fake-thumbnail'  itemscope=\"itemscope\" itemtype=\"https:\/\/schema.org\/CreativeWork\" ><a href='https:\/\/bourbach-le-bas.fr\/index.php\/2026\/07\/07\/restrictions-deau\/' data-rel='slide-1' class='slide-image' title=''><span class=' fallback-post-type-icon' aria-hidden='true' data-av_icon='\ue836' data-av_iconfont='entypo-fontello'><\/span><span class='slider-fallback-image'><img loading=\"lazy\" decoding=\"async\" width=\"260\" height=\"185\" src=\"https:\/\/bourbach-le-bas.fr\/wp-content\/uploads\/2026\/06\/ou-chercher-le-frelon-page-1-260x185.png\" class=\"attachment-portfolio_small size-portfolio_small wp-post-image\" alt=\"\" srcset=\"https:\/\/bourbach-le-bas.fr\/wp-content\/uploads\/2026\/06\/ou-chercher-le-frelon-page-1-260x185.png 260w, https:\/\/bourbach-le-bas.fr\/wp-content\/uploads\/2026\/06\/ou-chercher-le-frelon-page-1-609x430.png 609w\" sizes=\"auto, (max-width: 260px) 100vw, 260px\" \/><\/span><\/a><div class='slide-content'><header class=\"entry-content-header\"><span class=\"blog-categories minor-meta\"><a href=\"https:\/\/bourbach-le-bas.fr\/index.php\/category\/fil-dinfos\/\" rel=\"tag\">Fil d'infos<\/a>, <a href=\"https:\/\/bourbach-le-bas.fr\/index.php\/category\/uncategorized\/\" rel=\"tag\">Uncategorized<\/a> <\/span><h3 class='slide-entry-title entry-title '  itemprop=\"headline\" ><a href='https:\/\/bourbach-le-bas.fr\/index.php\/2026\/07\/07\/restrictions-deau\/' title='RESTRICTIONS D&#039;EAU'>RESTRICTIONS D'EAU<\/a><\/h3><span class=\"av-vertical-delimiter\"><\/span><\/header><div class='slide-entry-excerpt entry-content'  itemprop=\"text\" >20260702_AP_AR_DaFWL-1<\/div><\/div><footer class=\"entry-footer\"><div class='slide-meta'><time class='slide-meta-time updated'  itemprop=\"datePublished\" datetime=\"2026-07-07T09:52:31+00:00\" >7 juillet 2026<\/time><\/div><\/footer><span class='hidden'>\n\t\t\t\t<span class='av-structured-data'  itemprop=\"image\" itemscope=\"itemscope\" itemtype=\"https:\/\/schema.org\/ImageObject\"  itemprop='image'>\n\t\t\t\t\t\t<span itemprop='url'>https:\/\/bourbach-le-bas.fr\/wp-content\/uploads\/2019\/07\/logo.png<\/span>\n\t\t\t\t\t\t<span itemprop='height'>0<\/span>\n\t\t\t\t\t\t<span itemprop='width'>0<\/span>\n\t\t\t\t<\/span>\n\t\t\t\t<span class='av-structured-data'  itemprop=\"publisher\" itemtype=\"https:\/\/schema.org\/Organization\" itemscope=\"itemscope\" >\n\t\t\t\t\t\t<span itemprop='name'>mairie<\/span>\n\t\t\t\t\t\t<span itemprop='logo' itemscope itemtype='https:\/\/schema.org\/ImageObject'>\n\t\t\t\t\t\t\t<span itemprop='url'>https:\/\/bourbach-le-bas.fr\/wp-content\/uploads\/2019\/07\/logo.png<\/span>\n\t\t\t\t\t\t <\/span>\n\t\t\t\t<\/span><span class='av-structured-data'  itemprop=\"author\" itemscope=\"itemscope\" itemtype=\"https:\/\/schema.org\/Person\" ><span itemprop='name'>mairie<\/span><\/span><span class='av-structured-data'  itemprop=\"datePublished\" datetime=\"2019-06-26T09:33:43+00:00\" >2026-07-07 09:52:31<\/span><span class='av-structured-data'  itemprop=\"dateModified\" itemtype=\"https:\/\/schema.org\/dateModified\" >2026-07-07 09:52:31<\/span><span class='av-structured-data'  itemprop=\"mainEntityOfPage\" itemtype=\"https:\/\/schema.org\/mainEntityOfPage\" ><span itemprop='name'>RESTRICTIONS D'EAU<\/span><\/span><\/span><\/article><article class='slide-entry flex_column  post-entry post-entry-5752 slide-entry-overview slide-loop-8 slide-parity-even  av_one_fourth  real-thumbnail'  itemscope=\"itemscope\" itemtype=\"https:\/\/schema.org\/CreativeWork\" ><a href='https:\/\/bourbach-le-bas.fr\/index.php\/2026\/06\/22\/%f0%9f%8c%9e-alerte-canicule%f0%9f%8c%9e\/' data-rel='slide-1' class='slide-image' title=''><img loading=\"lazy\" decoding=\"async\" width=\"260\" height=\"185\" src=\"https:\/\/bourbach-le-bas.fr\/wp-content\/uploads\/2025\/06\/Alerte-canicule-768x768-1-260x185.jpg\" class=\"attachment-portfolio_small size-portfolio_small wp-post-image\" alt=\"\" \/><\/a><div class='slide-content'><header class=\"entry-content-header\"><span class=\"blog-categories minor-meta\"><a href=\"https:\/\/bourbach-le-bas.fr\/index.php\/category\/fil-dinfos\/\" rel=\"tag\">Fil d'infos<\/a> <\/span><h3 class='slide-entry-title entry-title '  itemprop=\"headline\" ><a href='https:\/\/bourbach-le-bas.fr\/index.php\/2026\/06\/22\/%f0%9f%8c%9e-alerte-canicule%f0%9f%8c%9e\/' title='\ud83c\udf1e\ufeff\ufeff PLAN CANICULE\ufeff\ud83c\udf1e'>\ud83c\udf1e\ufeff\ufeff PLAN CANICULE\ufeff\ud83c\udf1e<\/a><\/h3><span class=\"av-vertical-delimiter\"><\/span><\/header><div class='slide-entry-excerpt entry-content'  itemprop=\"text\" >Actuellement la mairie de BOURBACH-LE-BAS invite les personnes de 60 ans et plus, isol\u00e9es, handicap\u00e9es ou invalide, \u00e0 se faire inscrire sur le registre ouvert \u00e0 la Mairie, dans le cadre du plan canicule.\r\n\r\nEn cas de d\u00e9clanchement, il leur\u2026<\/div><\/div><footer class=\"entry-footer\"><div class='slide-meta'><time class='slide-meta-time updated'  itemprop=\"datePublished\" datetime=\"2026-06-22T09:47:43+00:00\" >22 juin 2026<\/time><\/div><\/footer><span class='hidden'>\n\t\t\t\t<span class='av-structured-data'  itemprop=\"image\" itemscope=\"itemscope\" itemtype=\"https:\/\/schema.org\/ImageObject\"  itemprop='image'>\n\t\t\t\t\t\t<span itemprop='url'>https:\/\/bourbach-le-bas.fr\/wp-content\/uploads\/2025\/06\/Alerte-canicule-768x768-1.jpg<\/span>\n\t\t\t\t\t\t<span itemprop='height'>768<\/span>\n\t\t\t\t\t\t<span itemprop='width'>768<\/span>\n\t\t\t\t<\/span>\n\t\t\t\t<span class='av-structured-data'  itemprop=\"publisher\" itemtype=\"https:\/\/schema.org\/Organization\" itemscope=\"itemscope\" >\n\t\t\t\t\t\t<span itemprop='name'>mairie<\/span>\n\t\t\t\t\t\t<span itemprop='logo' itemscope itemtype='https:\/\/schema.org\/ImageObject'>\n\t\t\t\t\t\t\t<span itemprop='url'>https:\/\/bourbach-le-bas.fr\/wp-content\/uploads\/2019\/07\/logo.png<\/span>\n\t\t\t\t\t\t <\/span>\n\t\t\t\t<\/span><span class='av-structured-data'  itemprop=\"author\" itemscope=\"itemscope\" itemtype=\"https:\/\/schema.org\/Person\" ><span itemprop='name'>mairie<\/span><\/span><span class='av-structured-data'  itemprop=\"datePublished\" datetime=\"2019-06-26T09:33:43+00:00\" >2026-06-22 09:47:43<\/span><span class='av-structured-data'  itemprop=\"dateModified\" itemtype=\"https:\/\/schema.org\/dateModified\" >2026-06-22 09:53:13<\/span><span class='av-structured-data'  itemprop=\"mainEntityOfPage\" itemtype=\"https:\/\/schema.org\/mainEntityOfPage\" ><span itemprop='name'>\ud83c\udf1e\ufeff\ufeff PLAN CANICULE\ufeff\ud83c\udf1e<\/span><\/span><\/span><\/article><\/div><div class='slide-entry-wrap'><article class='slide-entry flex_column  post-entry post-entry-5748 slide-entry-overview slide-loop-9 slide-parity-odd  av_one_fourth first real-thumbnail'  itemscope=\"itemscope\" itemtype=\"https:\/\/schema.org\/CreativeWork\" ><a href='https:\/\/bourbach-le-bas.fr\/index.php\/2026\/06\/19\/alerte-canicule\/' data-rel='slide-1' class='slide-image' title=''><img loading=\"lazy\" decoding=\"async\" width=\"260\" height=\"185\" src=\"https:\/\/bourbach-le-bas.fr\/wp-content\/uploads\/2026\/06\/CANICULE-260x185.png\" class=\"attachment-portfolio_small size-portfolio_small wp-post-image\" alt=\"\" \/><\/a><div class='slide-content'><header class=\"entry-content-header\"><span class=\"blog-categories minor-meta\"><a href=\"https:\/\/bourbach-le-bas.fr\/index.php\/category\/fil-dinfos\/\" rel=\"tag\">Fil d'infos<\/a> <\/span><h3 class='slide-entry-title entry-title '  itemprop=\"headline\" ><a href='https:\/\/bourbach-le-bas.fr\/index.php\/2026\/06\/19\/alerte-canicule\/' title='ALERTE CANICULE'>ALERTE CANICULE<\/a><\/h3><span class=\"av-vertical-delimiter\"><\/span><\/header><div class='slide-entry-excerpt entry-content'  itemprop=\"text\" >M\u00e9t\u00e9o-France a plac\u00e9 le d\u00e9partement du Haut-Rhin en vigilance orange canicule \u00e0 compter de vendredi 19 juin 2026 \u00e0 12h.\r\n\r\n\r\nCet \u00e9pisode caniculaire est annonc\u00e9 comme durable et devrait se poursuivre plusieurs jours. Les temp\u00e9ratures\u2026<\/div><\/div><footer class=\"entry-footer\"><div class='slide-meta'><time class='slide-meta-time updated'  itemprop=\"datePublished\" datetime=\"2026-06-19T10:29:22+00:00\" >19 juin 2026<\/time><\/div><\/footer><span class='hidden'>\n\t\t\t\t<span class='av-structured-data'  itemprop=\"image\" itemscope=\"itemscope\" itemtype=\"https:\/\/schema.org\/ImageObject\"  itemprop='image'>\n\t\t\t\t\t\t<span itemprop='url'>https:\/\/bourbach-le-bas.fr\/wp-content\/uploads\/2026\/06\/CANICULE.png<\/span>\n\t\t\t\t\t\t<span itemprop='height'>331<\/span>\n\t\t\t\t\t\t<span itemprop='width'>1005<\/span>\n\t\t\t\t<\/span>\n\t\t\t\t<span class='av-structured-data'  itemprop=\"publisher\" itemtype=\"https:\/\/schema.org\/Organization\" itemscope=\"itemscope\" >\n\t\t\t\t\t\t<span itemprop='name'>mairie<\/span>\n\t\t\t\t\t\t<span itemprop='logo' itemscope itemtype='https:\/\/schema.org\/ImageObject'>\n\t\t\t\t\t\t\t<span itemprop='url'>https:\/\/bourbach-le-bas.fr\/wp-content\/uploads\/2019\/07\/logo.png<\/span>\n\t\t\t\t\t\t <\/span>\n\t\t\t\t<\/span><span class='av-structured-data'  itemprop=\"author\" itemscope=\"itemscope\" itemtype=\"https:\/\/schema.org\/Person\" ><span itemprop='name'>mairie<\/span><\/span><span class='av-structured-data'  itemprop=\"datePublished\" datetime=\"2019-06-26T09:33:43+00:00\" >2026-06-19 10:29:22<\/span><span class='av-structured-data'  itemprop=\"dateModified\" itemtype=\"https:\/\/schema.org\/dateModified\" >2026-06-19 10:29:30<\/span><span class='av-structured-data'  itemprop=\"mainEntityOfPage\" itemtype=\"https:\/\/schema.org\/mainEntityOfPage\" ><span itemprop='name'>ALERTE CANICULE<\/span><\/span><\/span><\/article><article class='slide-entry flex_column  post-entry post-entry-5666 slide-entry-overview slide-loop-10 slide-parity-even  av_one_fourth  real-thumbnail'  itemscope=\"itemscope\" itemtype=\"https:\/\/schema.org\/CreativeWork\" ><a href='https:\/\/bourbach-le-bas.fr\/index.php\/2026\/06\/09\/programme-ete-2026-de-la-maison-de-la-terre\/' data-rel='slide-1' class='slide-image' title=''><img loading=\"lazy\" decoding=\"async\" width=\"260\" height=\"185\" src=\"https:\/\/bourbach-le-bas.fr\/wp-content\/uploads\/2026\/06\/flyer-MdT-A5-4p-_-billet-combine-Train-aventure-geologique-2026_0001-002-260x185.png\" class=\"attachment-portfolio_small size-portfolio_small wp-post-image\" alt=\"\" \/><\/a><div class='slide-content'><header class=\"entry-content-header\"><span class=\"blog-categories minor-meta\"><a href=\"https:\/\/bourbach-le-bas.fr\/index.php\/category\/fil-dinfos\/\" rel=\"tag\">Fil d'infos<\/a> <\/span><h3 class='slide-entry-title entry-title '  itemprop=\"headline\" ><a href='https:\/\/bourbach-le-bas.fr\/index.php\/2026\/06\/09\/programme-ete-2026-de-la-maison-de-la-terre\/' title='Programme \u00e9t\u00e9 2026 de la Maison de la Terre'>Programme \u00e9t\u00e9 2026 de la Maison de la Terre<\/a><\/h3><span class=\"av-vertical-delimiter\"><\/span><\/header><div class='slide-entry-excerpt entry-content'  itemprop=\"text\" >\r\n\r\n<\/div><\/div><footer class=\"entry-footer\"><div class='slide-meta'><time class='slide-meta-time updated'  itemprop=\"datePublished\" datetime=\"2026-06-09T13:38:33+00:00\" >9 juin 2026<\/time><\/div><\/footer><span class='hidden'>\n\t\t\t\t<span class='av-structured-data'  itemprop=\"image\" itemscope=\"itemscope\" itemtype=\"https:\/\/schema.org\/ImageObject\"  itemprop='image'>\n\t\t\t\t\t\t<span itemprop='url'>https:\/\/bourbach-le-bas.fr\/wp-content\/uploads\/2026\/06\/flyer-MdT-A5-4p-_-billet-combine-Train-aventure-geologique-2026_0001-002.png<\/span>\n\t\t\t\t\t\t<span itemprop='height'>646<\/span>\n\t\t\t\t\t\t<span itemprop='width'>917<\/span>\n\t\t\t\t<\/span>\n\t\t\t\t<span class='av-structured-data'  itemprop=\"publisher\" itemtype=\"https:\/\/schema.org\/Organization\" itemscope=\"itemscope\" >\n\t\t\t\t\t\t<span itemprop='name'>mairie<\/span>\n\t\t\t\t\t\t<span itemprop='logo' itemscope itemtype='https:\/\/schema.org\/ImageObject'>\n\t\t\t\t\t\t\t<span itemprop='url'>https:\/\/bourbach-le-bas.fr\/wp-content\/uploads\/2019\/07\/logo.png<\/span>\n\t\t\t\t\t\t <\/span>\n\t\t\t\t<\/span><span class='av-structured-data'  itemprop=\"author\" itemscope=\"itemscope\" itemtype=\"https:\/\/schema.org\/Person\" ><span itemprop='name'>mairie<\/span><\/span><span class='av-structured-data'  itemprop=\"datePublished\" datetime=\"2019-06-26T09:33:43+00:00\" >2026-06-09 13:38:33<\/span><span class='av-structured-data'  itemprop=\"dateModified\" itemtype=\"https:\/\/schema.org\/dateModified\" >2026-06-09 13:39:22<\/span><span class='av-structured-data'  itemprop=\"mainEntityOfPage\" itemtype=\"https:\/\/schema.org\/mainEntityOfPage\" ><span itemprop='name'>Programme \u00e9t\u00e9 2026 de la Maison de la Terre<\/span><\/span><\/span><\/article><article class='slide-entry flex_column  post-entry post-entry-5659 slide-entry-overview slide-loop-11 slide-parity-odd  av_one_fourth  real-thumbnail'  itemscope=\"itemscope\" itemtype=\"https:\/\/schema.org\/CreativeWork\" ><a href='https:\/\/bourbach-le-bas.fr\/index.php\/2026\/06\/09\/mise-en-place-dateliers-floraux-nathurelements\/' data-rel='slide-1' class='slide-image' title=''><img loading=\"lazy\" decoding=\"async\" width=\"260\" height=\"185\" src=\"https:\/\/bourbach-le-bas.fr\/wp-content\/uploads\/2026\/06\/Flyer-ateliers-floraux-Bourbach-Le-Bas-002-260x185.jpg\" class=\"attachment-portfolio_small size-portfolio_small wp-post-image\" alt=\"\" \/><\/a><div class='slide-content'><header class=\"entry-content-header\"><span class=\"blog-categories minor-meta\"><a href=\"https:\/\/bourbach-le-bas.fr\/index.php\/category\/fil-dinfos\/\" rel=\"tag\">Fil d'infos<\/a> <\/span><h3 class='slide-entry-title entry-title '  itemprop=\"headline\" ><a href='https:\/\/bourbach-le-bas.fr\/index.php\/2026\/06\/09\/mise-en-place-dateliers-floraux-nathurelements\/' title='Mise en place d&#039;Ateliers Floraux &quot;Nathur&#039;\u00e9l\u00e9ments&quot;'>Mise en place d'Ateliers Floraux \"Nathur'\u00e9l\u00e9ments\"<\/a><\/h3><span class=\"av-vertical-delimiter\"><\/span><\/header><div class='slide-entry-excerpt entry-content'  itemprop=\"text\" >Muriel Was, de Nathur'\u00e9l\u00e9ments, propose la mise en place d\u2019ateliers floraux au sein de la commune.\r\nAfin d\u2019\u00e9valuer l\u2019int\u00e9r\u00eat des habitants et d\u2019organiser au mieux ces ateliers, elle vous invite \u00e0 r\u00e9pondre au sondage accessible\u2026<\/div><\/div><footer class=\"entry-footer\"><div class='slide-meta'><time class='slide-meta-time updated'  itemprop=\"datePublished\" datetime=\"2026-06-09T13:27:51+00:00\" >9 juin 2026<\/time><\/div><\/footer><span class='hidden'>\n\t\t\t\t<span class='av-structured-data'  itemprop=\"image\" itemscope=\"itemscope\" itemtype=\"https:\/\/schema.org\/ImageObject\"  itemprop='image'>\n\t\t\t\t\t\t<span itemprop='url'>https:\/\/bourbach-le-bas.fr\/wp-content\/uploads\/2026\/06\/Flyer-ateliers-floraux-Bourbach-Le-Bas-002.jpg<\/span>\n\t\t\t\t\t\t<span itemprop='height'>1492<\/span>\n\t\t\t\t\t\t<span itemprop='width'>1054<\/span>\n\t\t\t\t<\/span>\n\t\t\t\t<span class='av-structured-data'  itemprop=\"publisher\" itemtype=\"https:\/\/schema.org\/Organization\" itemscope=\"itemscope\" >\n\t\t\t\t\t\t<span itemprop='name'>mairie<\/span>\n\t\t\t\t\t\t<span itemprop='logo' itemscope itemtype='https:\/\/schema.org\/ImageObject'>\n\t\t\t\t\t\t\t<span itemprop='url'>https:\/\/bourbach-le-bas.fr\/wp-content\/uploads\/2019\/07\/logo.png<\/span>\n\t\t\t\t\t\t <\/span>\n\t\t\t\t<\/span><span class='av-structured-data'  itemprop=\"author\" itemscope=\"itemscope\" itemtype=\"https:\/\/schema.org\/Person\" ><span itemprop='name'>mairie<\/span><\/span><span class='av-structured-data'  itemprop=\"datePublished\" datetime=\"2019-06-26T09:33:43+00:00\" >2026-06-09 13:27:51<\/span><span class='av-structured-data'  itemprop=\"dateModified\" itemtype=\"https:\/\/schema.org\/dateModified\" >2026-06-09 13:36:07<\/span><span class='av-structured-data'  itemprop=\"mainEntityOfPage\" itemtype=\"https:\/\/schema.org\/mainEntityOfPage\" ><span itemprop='name'>Mise en place d'Ateliers Floraux \"Nathur'\u00e9l\u00e9ments\"<\/span><\/span><\/span><\/article><article class='slide-entry flex_column  post-entry post-entry-5643 slide-entry-overview slide-loop-12 slide-parity-even  post-entry-last  av_one_fourth  real-thumbnail'  itemscope=\"itemscope\" itemtype=\"https:\/\/schema.org\/CreativeWork\" ><a href='https:\/\/bourbach-le-bas.fr\/index.php\/2026\/06\/08\/arret-de-la-campagne-de-piegeage-de-printemps\/' data-rel='slide-1' class='slide-image' title=''><img loading=\"lazy\" decoding=\"async\" width=\"260\" height=\"185\" src=\"https:\/\/bourbach-le-bas.fr\/wp-content\/uploads\/2026\/06\/ou-chercher-le-frelon-page-1-260x185.png\" class=\"attachment-portfolio_small size-portfolio_small wp-post-image\" alt=\"\" srcset=\"https:\/\/bourbach-le-bas.fr\/wp-content\/uploads\/2026\/06\/ou-chercher-le-frelon-page-1-260x185.png 260w, https:\/\/bourbach-le-bas.fr\/wp-content\/uploads\/2026\/06\/ou-chercher-le-frelon-page-1-609x430.png 609w\" sizes=\"auto, (max-width: 260px) 100vw, 260px\" \/><\/a><div class='slide-content'><header class=\"entry-content-header\"><span class=\"blog-categories minor-meta\"><a href=\"https:\/\/bourbach-le-bas.fr\/index.php\/category\/fil-dinfos\/\" rel=\"tag\">Fil d'infos<\/a> <\/span><h3 class='slide-entry-title entry-title '  itemprop=\"headline\" ><a href='https:\/\/bourbach-le-bas.fr\/index.php\/2026\/06\/08\/arret-de-la-campagne-de-piegeage-de-printemps\/' title='Arr\u00eat de la campagne de pi\u00e9geage de printemps'>Arr\u00eat de la campagne de pi\u00e9geage de printemps<\/a><\/h3><span class=\"av-vertical-delimiter\"><\/span><\/header><div class='slide-entry-excerpt entry-content'  itemprop=\"text\" >Le comit\u00e9 de pilotage pour la lutte contre le frelon (\u00e0 pattes jaunes) asiatique demande d\u2019arr\u00eater le pi\u00e9geage de printemps des fondatrices d\u00e8s aujourd'hui \u00e0 tous ceux qui ont des pi\u00e8ges.\r\nAu vu des derni\u00e8res captures, nous capturons\u2026<\/div><\/div><footer class=\"entry-footer\"><div class='slide-meta'><time class='slide-meta-time updated'  itemprop=\"datePublished\" datetime=\"2026-06-08T09:06:23+00:00\" >8 juin 2026<\/time><\/div><\/footer><span class='hidden'>\n\t\t\t\t<span class='av-structured-data'  itemprop=\"image\" itemscope=\"itemscope\" itemtype=\"https:\/\/schema.org\/ImageObject\"  itemprop='image'>\n\t\t\t\t\t\t<span itemprop='url'>https:\/\/bourbach-le-bas.fr\/wp-content\/uploads\/2026\/06\/ou-chercher-le-frelon-page-1.png<\/span>\n\t\t\t\t\t\t<span itemprop='height'>859<\/span>\n\t\t\t\t\t\t<span itemprop='width'>609<\/span>\n\t\t\t\t<\/span>\n\t\t\t\t<span class='av-structured-data'  itemprop=\"publisher\" itemtype=\"https:\/\/schema.org\/Organization\" itemscope=\"itemscope\" >\n\t\t\t\t\t\t<span itemprop='name'>mairie<\/span>\n\t\t\t\t\t\t<span itemprop='logo' itemscope itemtype='https:\/\/schema.org\/ImageObject'>\n\t\t\t\t\t\t\t<span itemprop='url'>https:\/\/bourbach-le-bas.fr\/wp-content\/uploads\/2019\/07\/logo.png<\/span>\n\t\t\t\t\t\t <\/span>\n\t\t\t\t<\/span><span class='av-structured-data'  itemprop=\"author\" itemscope=\"itemscope\" itemtype=\"https:\/\/schema.org\/Person\" ><span itemprop='name'>mairie<\/span><\/span><span class='av-structured-data'  itemprop=\"datePublished\" datetime=\"2019-06-26T09:33:43+00:00\" >2026-06-08 09:06:23<\/span><span class='av-structured-data'  itemprop=\"dateModified\" itemtype=\"https:\/\/schema.org\/dateModified\" >2026-06-08 09:06:29<\/span><span class='av-structured-data'  itemprop=\"mainEntityOfPage\" itemtype=\"https:\/\/schema.org\/mainEntityOfPage\" ><span itemprop='name'>Arr\u00eat de la campagne de pi\u00e9geage de printemps<\/span><\/span><\/span><\/article><\/div><\/div><div class='avia-slideshow-arrows avia-slideshow-controls'><a href='#prev' class='prev-slide' aria-hidden='true' data-av_icon='\ue87c' data-av_iconfont='entypo-fontello'>Pr\u00e9c\u00e9dent<\/a><a href='#next' class='next-slide' aria-hidden='true' data-av_icon='\ue87d' data-av_iconfont='entypo-fontello'>Suivant<\/a><\/div><\/div><\/div><div class=\"flex_column av_one_fourth  flex_column_div av-zero-column-padding   avia-builder-el-8  el_after_av_three_fourth  avia-builder-el-last  \" style='border-radius:0px; '><br \/>\n<div id='avia-messagebox-' class='avia_message_box  avia-color-red avia-size-large avia-icon_select-no avia-border-  avia-builder-el-10  el_after_av_codeblock  avia-builder-el-last '><span class='avia_message_box_title' >PANNEAU POCKET<\/span><div class='avia_message_box_content' ><p>Pour conna\u00eetre en temps r\u00e9el toute l&rsquo;actualit\u00e9 de votre commune, t\u00e9l\u00e9chargez l&rsquo;application PanneauPocket !<br \/>\nAlertes, informations pratiques, news, \u00e9v\u00e8nements !<\/p>\n<\/div><\/div><\/p><\/div>\n\n<\/div><\/div><\/div><!-- close content main div --><\/div><\/div><div id='av_section_4'  class='avia-section main_color avia-section-default avia-no-shadow  avia-bg-style-scroll  avia-builder-el-11  el_after_av_section  el_before_av_slideshow_full   container_wrap fullsize' style='background-color: #eaeaea;  '  ><div class='container' ><div class='template-page content  av-content-full alpha units'><div class='post-entry post-entry-type-page post-entry-495'><div class='entry-content-wrapper clearfix'>\n<div class=\"flex_column av_two_third  flex_column_div av-zero-column-padding first  avia-builder-el-12  el_before_av_one_third  avia-builder-el-first  \" style='border-radius:0px; '><section class=\"av_textblock_section \"  itemscope=\"itemscope\" itemtype=\"https:\/\/schema.org\/CreativeWork\" ><div class='avia_textblock  '  style='font-size:22px; '  itemprop=\"text\" ><h2 style=\"text-align: center;\">Infos pratiques<\/h2>\n<\/div><\/section><br \/>\n<div id='avia-messagebox-'style='background-color:#b02b2c; color:#ffffff; ' class='avia_message_box  avia-color-custom avia-size-large avia-icon_select-yes avia-border-  avia-builder-el-14  el_after_av_textblock  avia-builder-el-last '><span class='avia_message_box_title' >R\u00e9vision du PLU - Approbation du Plan Local d\u2019Urbanisme<\/span><div class='avia_message_box_content' ><span class='avia_message_box_icon' aria-hidden='true' data-av_icon='\ue83e' data-av_iconfont='entypo-fontello'><\/span><p>Par d\u00e9lib\u00e9ration du conseil municipal en date du 05 juillet 2023, le PLU a \u00e9t\u00e9 approuv\u00e9. Cette d\u00e9cision a fait l\u2019objet d\u2019un recours gracieux de l\u2019Etat en date du 26 juillet 2023.<\/p>\n<p>En date du 30 octobre 2023, le conseil municipal a retir\u00e9 la d\u00e9lib\u00e9ration prise le 05\/07\/2023, a pris une nouvelle d\u00e9lib\u00e9ration avec les modifications demand\u00e9es par l\u2019Etat et a approuv\u00e9 le PLU.<\/p>\n<p>Il a fait l\u2019objet d\u2019une nouvelle publication sur le portail national de l\u2019urbanisme \u00ab GEOPORTAIL-URBANISME \u00bb en date du 10 janvier 2024.<\/p>\n<p>Le nouveau PLU est ex\u00e9cutoire depuis cette date.<\/p>\n<p>Le dossier de PLU est tenu \u00e0 la disposition du public \u00e0 la mairie de Bourbach-le-Bas ainsi qu\u2019\u00e0 la Pr\u00e9fecture du Haut-Rhin aux jours et heures habituelles d\u2019ouverture des bureaux.<\/p>\n<\/div><\/div><\/p><\/div><div class=\"flex_column av_one_third  flex_column_div av-zero-column-padding   avia-builder-el-15  el_after_av_two_third  avia-builder-el-last  \" style='border-radius:0px; '><section class=\"av_textblock_section \"  itemscope=\"itemscope\" itemtype=\"https:\/\/schema.org\/CreativeWork\" ><div class='avia_textblock  '  style='font-size:22px; '  itemprop=\"text\" ><h2 style=\"text-align: center;\">Liens utiles<\/h2>\n<ul>\n<li><a href=\"https:\/\/www.service-public.fr\/\" target=\"_blank\" rel=\"noopener\">Vos d\u00e9marches administratives<\/a><\/li>\n<li><a href=\"https:\/\/www.cc-thann-cernay.fr\/\" target=\"_blank\" rel=\"noopener\">La communaut\u00e9 de communes Thann-Cernay<\/a><\/li>\n<li><a href=\"https:\/\/www.pays-thur-doller.fr\/\" target=\"_blank\" rel=\"noopener\">Le PETR Thur-Doller<\/a><\/li>\n<li><a href=\"http:\/\/www.smtc68.fr\/\" target=\"_blank\" rel=\"noopener\">Le syndicat mixte Thann-Cernay<\/a><\/li>\n<\/ul>\n<\/div><\/section><\/div>\n\n<\/div><\/div><\/div><!-- close content main div --><\/div><\/div><div id='full_slider_2'  class='avia-fullwidth-slider main_color avia-shadow   avia-builder-el-17  el_after_av_section  el_before_av_section   slider-not-first container_wrap fullsize' style=' '  ><div   data-size='featured'  data-lightbox_size='large'  data-animation='slide'  data-conditional_play=''  data-ids='759'  data-video_counter='0'  data-autoplay='false'  data-bg_slider='false'  data-slide_height=''  data-handle='av_slideshow_full'  data-interval='5'  data-class=' '  data-el_id=''  data-css_id=''  data-scroll_down=''  data-control_layout='av-control-default'  data-custom_markup=''  data-perma_caption=''  data-autoplay_stopper=''  data-image_attachment=''  data-min_height='0px'  data-src=''  data-position='top left'  data-repeat='no-repeat'  data-attach='scroll'  data-stretch=''  data-default-height='28.666666666667'  class='avia-slideshow avia-slideshow-2  av-control-default av-default-height-applied avia-slideshow-featured av_slideshow_full   avia-slide-slider '  itemprop=\"image\" itemscope=\"itemscope\" itemtype=\"https:\/\/schema.org\/ImageObject\" ><ul class='avia-slideshow-inner ' style='padding-bottom: 28.666666666667%;' ><li  class=' av-single-slide slide-1 ' ><div data-rel='slideshow-2' class='avia-slide-wrap '   ><img src='https:\/\/bourbach-le-bas.fr\/wp-content\/uploads\/2019\/09\/slide2.jpg' width='1500' height='430' title='slide2' alt=''  itemprop=\"thumbnailUrl\"   \/><\/div><\/li><\/ul><\/div><\/div>\n<div id='av_section_5'  class='avia-section main_color avia-section-default avia-no-shadow  avia-bg-style-scroll  avia-builder-el-18  el_after_av_slideshow_full  el_before_av_video   container_wrap fullsize' style=' '  ><div class='container' ><div class='template-page content  av-content-full alpha units'><div class='post-entry post-entry-type-page post-entry-495'><div class='entry-content-wrapper clearfix'>\n\n<\/div><\/div><\/div><!-- close content main div --><\/div><\/div><div id='after_section_5'  class='main_color av_default_container_wrap container_wrap fullsize' style=' '  ><div class='container' ><div class='template-page content  av-content-full alpha units'><div class='post-entry post-entry-type-page post-entry-495'><div class='entry-content-wrapper clearfix'>\n<div  class='avia-video avia-video-16:9   av-lazyload-immediate  av-lazyload-video-embed  '   itemprop=\"video\" itemtype=\"https:\/\/schema.org\/VideoObject\"  data-original_url='https:\/\/' ><script type='text\/html' class='av-video-tmpl'><a href=\"https:\/\/\">https:\/\/<\/a><\/script><div class='av-click-to-play-overlay'><div class=\"avia_playpause_icon\"><\/div><\/div><\/div>\n","protected":false},"excerpt":{"rendered":"","protected":false},"author":1,"featured_media":0,"parent":0,"menu_order":0,"comment_status":"closed","ping_status":"closed","template":"","meta":{"footnotes":""},"class_list":["post-495","page","type-page","status-publish","hentry"],"yoast_head":"<!-- This site is optimized with the Yoast SEO plugin v25.5 - https:\/\/yoast.com\/wordpress\/plugins\/seo\/ -->\n<title>Accueil - Bourbach-le-Bas<\/title>\n<meta name=\"robots\" content=\"index, follow, max-snippet:-1, max-image-preview:large, max-video-preview:-1\" \/>\n<link rel=\"canonical\" href=\"https:\/\/bourbach-le-bas.fr\/index.php\/accueil\/\" \/>\n<meta property=\"og:locale\" content=\"fr_FR\" \/>\n<meta property=\"og:type\" content=\"article\" \/>\n<meta property=\"og:title\" content=\"Accueil - Bourbach-le-Bas\" \/>\n<meta property=\"og:url\" content=\"https:\/\/bourbach-le-bas.fr\/index.php\/accueil\/\" \/>\n<meta property=\"og:site_name\" content=\"Bourbach-le-Bas\" \/>\n<meta property=\"article:modified_time\" content=\"2026-01-22T07:54:48+00:00\" \/>\n<meta name=\"twitter:card\" content=\"summary_large_image\" \/>\n<meta name=\"twitter:label1\" content=\"Dur\u00e9e de lecture estim\u00e9e\" \/>\n\t<meta name=\"twitter:data1\" content=\"6 minutes\" \/>\n<script type=\"application\/ld+json\" class=\"yoast-schema-graph\">{\"@context\":\"https:\/\/schema.org\",\"@graph\":[{\"@type\":\"WebPage\",\"@id\":\"https:\/\/bourbach-le-bas.fr\/index.php\/accueil\/\",\"url\":\"https:\/\/bourbach-le-bas.fr\/index.php\/accueil\/\",\"name\":\"Accueil - Bourbach-le-Bas\",\"isPartOf\":{\"@id\":\"https:\/\/bourbach-le-bas.fr\/#website\"},\"datePublished\":\"2019-06-26T09:33:43+00:00\",\"dateModified\":\"2026-01-22T07:54:48+00:00\",\"breadcrumb\":{\"@id\":\"https:\/\/bourbach-le-bas.fr\/index.php\/accueil\/#breadcrumb\"},\"inLanguage\":\"fr-FR\",\"potentialAction\":[{\"@type\":\"ReadAction\",\"target\":[\"https:\/\/bourbach-le-bas.fr\/index.php\/accueil\/\"]}]},{\"@type\":\"BreadcrumbList\",\"@id\":\"https:\/\/bourbach-le-bas.fr\/index.php\/accueil\/#breadcrumb\",\"itemListElement\":[{\"@type\":\"ListItem\",\"position\":1,\"name\":\"Accueil\",\"item\":\"https:\/\/bourbach-le-bas.fr\/index.php\/accueil\/\"},{\"@type\":\"ListItem\",\"position\":2,\"name\":\"Accueil\"}]},{\"@type\":\"WebSite\",\"@id\":\"https:\/\/bourbach-le-bas.fr\/#website\",\"url\":\"https:\/\/bourbach-le-bas.fr\/\",\"name\":\"Bourbach-le-Bas\",\"description\":\"\",\"potentialAction\":[{\"@type\":\"SearchAction\",\"target\":{\"@type\":\"EntryPoint\",\"urlTemplate\":\"https:\/\/bourbach-le-bas.fr\/?s={search_term_string}\"},\"query-input\":{\"@type\":\"PropertyValueSpecification\",\"valueRequired\":true,\"valueName\":\"search_term_string\"}}],\"inLanguage\":\"fr-FR\"}]}<\/script>\n<!-- \/ Yoast SEO plugin. -->","yoast_head_json":{"title":"Accueil - Bourbach-le-Bas","robots":{"index":"index","follow":"follow","max-snippet":"max-snippet:-1","max-image-preview":"max-image-preview:large","max-video-preview":"max-video-preview:-1"},"canonical":"https:\/\/bourbach-le-bas.fr\/index.php\/accueil\/","og_locale":"fr_FR","og_type":"article","og_title":"Accueil - Bourbach-le-Bas","og_url":"https:\/\/bourbach-le-bas.fr\/index.php\/accueil\/","og_site_name":"Bourbach-le-Bas","article_modified_time":"2026-01-22T07:54:48+00:00","twitter_card":"summary_large_image","twitter_misc":{"Dur\u00e9e de lecture estim\u00e9e":"6 minutes"},"schema":{"@context":"https:\/\/schema.org","@graph":[{"@type":"WebPage","@id":"https:\/\/bourbach-le-bas.fr\/index.php\/accueil\/","url":"https:\/\/bourbach-le-bas.fr\/index.php\/accueil\/","name":"Accueil - Bourbach-le-Bas","isPartOf":{"@id":"https:\/\/bourbach-le-bas.fr\/#website"},"datePublished":"2019-06-26T09:33:43+00:00","dateModified":"2026-01-22T07:54:48+00:00","breadcrumb":{"@id":"https:\/\/bourbach-le-bas.fr\/index.php\/accueil\/#breadcrumb"},"inLanguage":"fr-FR","potentialAction":[{"@type":"ReadAction","target":["https:\/\/bourbach-le-bas.fr\/index.php\/accueil\/"]}]},{"@type":"BreadcrumbList","@id":"https:\/\/bourbach-le-bas.fr\/index.php\/accueil\/#breadcrumb","itemListElement":[{"@type":"ListItem","position":1,"name":"Accueil","item":"https:\/\/bourbach-le-bas.fr\/index.php\/accueil\/"},{"@type":"ListItem","position":2,"name":"Accueil"}]},{"@type":"WebSite","@id":"https:\/\/bourbach-le-bas.fr\/#website","url":"https:\/\/bourbach-le-bas.fr\/","name":"Bourbach-le-Bas","description":"","potentialAction":[{"@type":"SearchAction","target":{"@type":"EntryPoint","urlTemplate":"https:\/\/bourbach-le-bas.fr\/?s={search_term_string}"},"query-input":{"@type":"PropertyValueSpecification","valueRequired":true,"valueName":"search_term_string"}}],"inLanguage":"fr-FR"}]}},"_links":{"self":[{"href":"https:\/\/bourbach-le-bas.fr\/index.php\/wp-json\/wp\/v2\/pages\/495","targetHints":{"allow":["GET"]}}],"collection":[{"href":"https:\/\/bourbach-le-bas.fr\/index.php\/wp-json\/wp\/v2\/pages"}],"about":[{"href":"https:\/\/bourbach-le-bas.fr\/index.php\/wp-json\/wp\/v2\/types\/page"}],"author":[{"embeddable":true,"href":"https:\/\/bourbach-le-bas.fr\/index.php\/wp-json\/wp\/v2\/users\/1"}],"replies":[{"embeddable":true,"href":"https:\/\/bourbach-le-bas.fr\/index.php\/wp-json\/wp\/v2\/comments?post=495"}],"version-history":[{"count":135,"href":"https:\/\/bourbach-le-bas.fr\/index.php\/wp-json\/wp\/v2\/pages\/495\/revisions"}],"predecessor-version":[{"id":5701,"href":"https:\/\/bourbach-le-bas.fr\/index.php\/wp-json\/wp\/v2\/pages\/495\/revisions\/5701"}],"wp:attachment":[{"href":"https:\/\/bourbach-le-bas.fr\/index.php\/wp-json\/wp\/v2\/media?parent=495"}],"curies":[{"name":"wp","href":"https:\/\/api.w.org\/{rel}","templated":true}]}}